
{"id":6641,"date":"2023-12-29T09:07:37","date_gmt":"2023-12-29T09:07:37","guid":{"rendered":"https:\/\/global-medios.com\/?page_id=6641"},"modified":"2024-01-04T11:46:12","modified_gmt":"2024-01-04T11:46:12","slug":"que-diuen-de-nosaltres","status":"publish","type":"page","link":"https:\/\/www.globaldemedios.com\/ca\/que-diuen-de-nosaltres\/","title":{"rendered":"Qu\u00e8 diuen de nosaltres"},"content":{"rendered":"<p>[vc_section full_width=&#8221;stretch_row&#8221; content_placement=&#8221;middle&#8221; parallax=&#8221;content-moving&#8221; parallax_image=&#8221;5597&#8243; parallax_speed_bg=&#8221;1&#8243;][vc_row css=&#8221;.vc_custom_1628587273200{padding-top: 250px !important;padding-bottom: 250px !important;}&#8221;][vc_column][vc_column_text]<\/p>\n<h2 style=\"font-size: 40px; text-align: left; font-family: Roboto Slab Bold; font-weight: 300; font-style: normal;\">QU\u00c8 DIUEN DE NOSALTRES<\/h2>\n<p>[\/vc_column_text][\/vc_column][\/vc_row][\/vc_section][vc_row css=&#8221;.vc_custom_1703842351036{margin-top: 50px !important;}&#8221;][vc_column]<div id=\"ra_testimonial_6a97d51b0776f\" class=\"testimonial media testimonial-boxed testimonial-boxed-default text-left ra_testimonial_6a97d51b0776f\">\n\n\t<figure class=\"testimonial-avatar\"><img decoding=\"async\" class=\"avatar-md\" src=\"https:\/\/www.globaldemedios.com\/wp-content\/uploads\/2023\/12\/la_salle_catalunya_logo.jpeg\" alt=\"User\" \/><\/figure>\t<div class=\"testimonial-details\"><span class=\"testimonial-name\">Mireia Puente, Comunicaci\u00f3 LA SALLE CATALUNYA<\/span><\/div>\t<blockquote class=\"testimonial-quote\"><p>\u201cJa fa uns anys que La Salle Catalunya treballa amb Global de Medios tots els aspectes relacionats amb campanyes de captaci\u00f3 d&#8217;alumnat. Des del disseny, la gesti\u00f3 de contractaci\u00f3 de suports publicitaris, campanyes a xarxes socials, edici\u00f3 de v\u00eddeos&#8230; El tracte, la dedicaci\u00f3 i els resultats que proporciona Global de Medios \u00e9s excel\u00b7lent\u201d.<\/p>\n<\/blockquote>\n<\/div>\n[\/vc_column][\/vc_row][vc_row][vc_column]<div id=\"ra_testimonial_6a97d51b07d29\" class=\"testimonial media testimonial-boxed testimonial-boxed-default text-right ra_testimonial_6a97d51b07d29\">\n\n\t<figure class=\"testimonial-avatar\"><img decoding=\"async\" class=\"avatar-md\" src=\"https:\/\/www.globaldemedios.com\/wp-content\/uploads\/2023\/12\/agora.png\" alt=\"User\" \/><\/figure>\t<div class=\"testimonial-details\"><span class=\"testimonial-name\">Esther Mart\u00ednez, Marketing &amp; Communications Officer AGORA SANT CUGAT INTERNATIONAL SCHOOL<\/span><\/div>\t<blockquote class=\"testimonial-quote\"><p>\u201cLa professionalitat i cordialitat de l&#8217;equip de Global de Mitjans ens han acompanyat en tot moment. La seva resposta r\u00e0pida i eficient ens ha perm\u00e8s dur a terme el nostre projecte amb \u00e8xit!\u201d.<\/p>\n<\/blockquote>\n<\/div>\n[\/vc_column][\/vc_row][vc_row][vc_column]<div id=\"ra_testimonial_6a97d51b08170\" class=\"testimonial media testimonial-boxed testimonial-boxed-default text-left ra_testimonial_6a97d51b08170\">\n\n\t<figure class=\"testimonial-avatar\"><img decoding=\"async\" class=\"avatar-md\" src=\"https:\/\/www.globaldemedios.com\/wp-content\/uploads\/2023\/12\/b0d1b368-1cac-429d-96c7-2c5f03cdfccf.gif\" alt=\"User\" \/><\/figure>\t<div class=\"testimonial-details\"><span class=\"testimonial-name\">Mireia Abad G\u00f3mez, Directora de Comunicaci\u00f3 i m\u00e0rqueting FUNDACI\u00d3 JESU\u00cfTES EDUCACI\u00d3<\/span><\/div>\t<blockquote class=\"testimonial-quote\"><p>\u201cTreballar amb Global de Medios \u00e9s garantia d\u2019efici\u00e8ncia i professionalitat; disposem dels suports publicitaris que millor s\u2019adapten a les nostres necessitats del dia a dia\u201d.<\/p>\n<\/blockquote>\n<\/div>\n[\/vc_column][\/vc_row][vc_row][vc_column]<div id=\"ra_testimonial_6a97d51b08627\" class=\"testimonial media testimonial-boxed testimonial-boxed-default text-right ra_testimonial_6a97d51b08627\">\n\n\t<figure class=\"testimonial-avatar\"><img decoding=\"async\" class=\"avatar-md\" src=\"https:\/\/www.globaldemedios.com\/wp-content\/uploads\/2024\/01\/santacoloma.png\" alt=\"User\" \/><\/figure>\t<div class=\"testimonial-details\"><span class=\"testimonial-name\">Neus Mart\u00edn Mu\u00f1oz, Directora de LA SALLE SANTA COLOMA DE FARNERS<\/span><\/div>\t<blockquote class=\"testimonial-quote\"><p>\u201cTreballar amb Global de Medios en el nostre cas equival a professionalitat, atenci\u00f3 personalitzada, seguiment per a buscar la millor resposta possible a les nostres inquietuds i capacitat de fer real all\u00f2 que ens hem imaginat\u201d.<\/p>\n<\/blockquote>\n<\/div>\n[\/vc_column][\/vc_row][vc_row][vc_column]<div id=\"ra_testimonial_6a97d51b08a82\" class=\"testimonial media testimonial-boxed testimonial-boxed-default text-left ra_testimonial_6a97d51b08a82\">\n\n\t<figure class=\"testimonial-avatar\"><img decoding=\"async\" class=\"avatar-md\" src=\"https:\/\/www.globaldemedios.com\/wp-content\/uploads\/2024\/01\/sallehorta.png\" alt=\"User\" \/><\/figure>\t<div class=\"testimonial-details\"><span class=\"testimonial-name\">Marta Mart\u00ednez Casanovas, Directora de LA SALLE HORTA<\/span><\/div>\t<blockquote class=\"testimonial-quote\"><p>\u201cGlobal de Medios ens ha assessorat amb professionalitat i creativitat, en tot moment han donat resposta a les diferents necessitats que hem anat plantejant durant la campanya de portes obertes: creaci\u00f3 de v\u00eddeos, anuncis en autobusos i campanyes de publicitat en xarxes socials, entre altres. Tamb\u00e9 destaquem que han donat formaci\u00f3 a l\u2019equip de comunicaci\u00f3 de l\u2019escola per a comen\u00e7ar a posar en marxa les nostres pr\u00f2pies campanyes a xarxes\u201d.<\/p>\n<\/blockquote>\n<\/div>\n[\/vc_column][\/vc_row][vc_row][vc_column]<div id=\"ra_testimonial_6a97d51b08ea1\" class=\"testimonial media testimonial-boxed testimonial-boxed-default text-right ra_testimonial_6a97d51b08ea1\">\n\n\t<figure class=\"testimonial-avatar\"><img decoding=\"async\" class=\"avatar-md\" src=\"https:\/\/www.globaldemedios.com\/wp-content\/uploads\/2023\/12\/descarga-3.png\" alt=\"User\" \/><\/figure>\t<div class=\"testimonial-details\"><span class=\"testimonial-name\">Elisa de Mata Arnaldo, Responsable de Comunicaci\u00f3 i m\u00e0rqueting SAGRAT COR DE SARRI\u00c0<\/span><\/div>\t<blockquote class=\"testimonial-quote\"><p>\u201cA Global de Medios et fan propostes de publicitat amb dissenys gr\u00e0fics molt vistosos i actuals. Tamb\u00e9 t\u2019ajuden a buscar solucions en poc temps\u201d.<\/p>\n<\/blockquote>\n<\/div>\n[\/vc_column][\/vc_row][vc_row][vc_column]<div id=\"ra_testimonial_6a97d51b0922c\" class=\"testimonial media testimonial-boxed testimonial-boxed-default text-left ra_testimonial_6a97d51b0922c\">\n\n\t<figure class=\"testimonial-avatar\"><img decoding=\"async\" class=\"avatar-md\" src=\"https:\/\/www.globaldemedios.com\/wp-content\/uploads\/2024\/01\/sallemanresa.png\" alt=\"User\" \/><\/figure>\t<div class=\"testimonial-details\"><span class=\"testimonial-name\">Toni Beltran Soldevila i Marta Montardit Petrus, Director i Responsable de Comunicaci\u00f3 LA SALLE MANRESA respectivament<\/span><\/div>\t<blockquote class=\"testimonial-quote\"><p>\u201cEn un moment en el qual la comunicaci\u00f3 no presencial i la imatge s\u00f3n tan importants, hem tingut el plaer de comen\u00e7ar a treballar amb Global de Medios. El tracte pr\u00f2xim, r\u00e0pid i eficient ens ha facilitat el treball, i la seva professionalitat i assessorament ens ha perm\u00e8s aportar un valor afegit a la nostra escola\u201d.<\/p>\n<\/blockquote>\n<\/div>\n[\/vc_column][\/vc_row][vc_row][vc_column]<div id=\"ra_testimonial_6a97d51b0959b\" class=\"testimonial media testimonial-boxed testimonial-boxed-default text-right ra_testimonial_6a97d51b0959b\">\n\n\t<figure class=\"testimonial-avatar\"><img decoding=\"async\" class=\"avatar-md\" src=\"https:\/\/www.globaldemedios.com\/wp-content\/uploads\/2023\/12\/512x512bb.jpg\" alt=\"User\" \/><\/figure>\t<div class=\"testimonial-details\"><span class=\"testimonial-name\">Rosalia Arn\u00f3 Fortit, Directora General COL\u00b7LEGI SANTA TERESA \u2013 GANDUXER<\/span><\/div>\t<blockquote class=\"testimonial-quote\"><p>\u201cL\u2019escola no \u00e9s qualsevol empresa i trobar una empresa de publicitat que sigui capa\u00e7 d\u2019entrar en el m\u00f3n escolar i ofereixi una proposta integradora \u00e9s una sort. Si a tot aix\u00f2 se li suma uns bons professionals, pr\u00f2xims, creatius&#8230; tens la satisfacci\u00f3 de posar en bones mans el teu projecte. Ha estat un plaer treballar amb ells. Gr\u00e0cies\u201d.<\/p>\n<\/blockquote>\n<\/div>\n[\/vc_column][\/vc_row][vc_row][vc_column]<div id=\"ra_testimonial_6a97d51b0992f\" class=\"testimonial media testimonial-boxed testimonial-boxed-default text-left ra_testimonial_6a97d51b0992f\">\n\n\t<figure class=\"testimonial-avatar\"><img decoding=\"async\" class=\"avatar-md\" src=\"https:\/\/www.globaldemedios.com\/wp-content\/uploads\/2023\/12\/descarga-4.png\" alt=\"User\" \/><\/figure>\t<div class=\"testimonial-details\"><span class=\"testimonial-name\">Mireia Serrano, Comunicaci\u00f3 FUNDACI\u00d3 CIC<\/span><\/div>\t<blockquote class=\"testimonial-quote\"><p>Global de Medios s\u2019ha convertit en un col\u00b7laborador imprescindible per a la nostra planificaci\u00f3 publicit\u00e0ria. Aporta professionalitat i tranquil\u00b7litat. Per a nosaltres ha sigut una sort que ens ajudin. I a m\u00e9s tot surt sempre de manera excel\u00b7lent.<\/p>\n<\/blockquote>\n<\/div>\n[\/vc_column][\/vc_row][vc_row][vc_column]<div id=\"ra_testimonial_6a97d51b09c88\" class=\"testimonial media testimonial-boxed testimonial-boxed-default text-right ra_testimonial_6a97d51b09c88\">\n\n\t<figure class=\"testimonial-avatar\"><img decoding=\"async\" class=\"avatar-md\" src=\"https:\/\/www.globaldemedios.com\/wp-content\/uploads\/2024\/01\/gremi.jpg\" alt=\"User\" \/><\/figure>\t<div class=\"testimonial-details\"><span class=\"testimonial-name\">Beatriu de la Fragua, Gremi Empresarial d\u2019Ascensors de Catalunya - GEDAC<\/span><\/div>\t<blockquote class=\"testimonial-quote\"><p>\u201cFa molts anys que treballem amb Global de Medios, s\u00f3n molt professionals, fan que la feina sembli f\u00e0cil. Si alguna cosa els hi defineix es que tenen les idees molt clares, saben como orientar i assessorar al client.\u201d<\/p>\n<\/blockquote>\n<\/div>\n[\/vc_column][\/vc_row]<\/p>\n","protected":false},"excerpt":{"rendered":"<p>[vc_section full_width=&#8221;stretch_row&#8221; content_placement=&#8221;middle&#8221; parallax=&#8221;content-moving&#8221; parallax_image=&#8221;5597&#8243; parallax_speed_bg=&#8221;1&#8243;][vc_row css=&#8221;.vc_custom_1628587273200{padding-top: 250px !important;padding-bottom: 250px !important;}&#8221;][vc_column][vc_column_text] QU\u00c8 DIUEN DE NOSALTRES [\/vc_column_text][\/vc_column][\/vc_row][\/vc_section][vc_row css=&#8221;.vc_custom_1703842351036{margin-top: 50px !important;}&#8221;][vc_column][\/vc_column][\/vc_row][vc_row][vc_column][\/vc_column][\/vc_row][vc_row][vc_column][\/vc_column][\/vc_row][vc_row][vc_column][\/vc_column][\/vc_row][vc_row][vc_column][\/vc_column][\/vc_row][vc_row][vc_column][\/vc_column][\/vc_row][vc_row][vc_column][\/vc_column][\/vc_row][vc_row][vc_column][\/vc_column][\/vc_row][vc_row][vc_column][\/vc_column][\/vc_row][vc_row][vc_column][\/vc_column][\/vc_row]<\/p>\n","protected":false},"author":1,"featured_media":0,"parent":0,"menu_order":0,"comment_status":"closed","ping_status":"closed","template":"","meta":{"inline_featured_image":false,"footnotes":""},"_links":{"self":[{"href":"https:\/\/www.globaldemedios.com\/ca\/wp-json\/wp\/v2\/pages\/6641"}],"collection":[{"href":"https:\/\/www.globaldemedios.com\/ca\/wp-json\/wp\/v2\/pages"}],"about":[{"href":"https:\/\/www.globaldemedios.com\/ca\/wp-json\/wp\/v2\/types\/page"}],"author":[{"embeddable":true,"href":"https:\/\/www.globaldemedios.com\/ca\/wp-json\/wp\/v2\/users\/1"}],"replies":[{"embeddable":true,"href":"https:\/\/www.globaldemedios.com\/ca\/wp-json\/wp\/v2\/comments?post=6641"}],"version-history":[{"count":22,"href":"https:\/\/www.globaldemedios.com\/ca\/wp-json\/wp\/v2\/pages\/6641\/revisions"}],"predecessor-version":[{"id":6767,"href":"https:\/\/www.globaldemedios.com\/ca\/wp-json\/wp\/v2\/pages\/6641\/revisions\/6767"}],"wp:attachment":[{"href":"https:\/\/www.globaldemedios.com\/ca\/wp-json\/wp\/v2\/media?parent=6641"}],"curies":[{"name":"wp","href":"https:\/\/api.w.org\/{rel}","templated":true}]}}